{"id":43,"date":"2020-05-18T15:05:04","date_gmt":"2020-05-18T15:05:04","guid":{"rendered":"https:\/\/relaunch.gutfuertoenisvorst.de\/?page_id=43"},"modified":"2025-05-18T14:19:16","modified_gmt":"2025-05-18T12:19:16","slug":"impressum","status":"publish","type":"page","link":"https:\/\/gemeinschaft-unabhaengiger-toenisvorster.de\/index.php\/impressum\/","title":{"rendered":"Impressum"},"content":{"rendered":"<div class=\"shariff shariff-align-left shariff-widget-align-left shariff-buttonstretch\" style=\"display:none\"><ul class=\"shariff-buttons theme-color orientation-horizontal buttonsize-small\"><li class=\"shariff-button mailto shariff-nocustomcolor\" style=\"background-color:#a8a8a8\"><a href=\"mailto:?body=https%3A%2F%2Fgemeinschaft-unabhaengiger-toenisvorster.de%2Findex.php%2Fimpressum%2F&subject=Impressum\" title=\"Per E-Mail versenden\" aria-label=\"Per E-Mail versenden\" role=\"button\" rel=\"noopener nofollow\" class=\"shariff-link\" style=\"; background-color:#999; color:#fff\"><span class=\"shariff-icon\" style=\"\"><svg width=\"32px\" height=\"20px\" xmlns=\"http:\/\/www.w3.org\/2000\/svg\" viewBox=\"0 0 32 32\"><path fill=\"#999\" d=\"M32 12.7v14.2q0 1.2-0.8 2t-2 0.9h-26.3q-1.2 0-2-0.9t-0.8-2v-14.2q0.8 0.9 1.8 1.6 6.5 4.4 8.9 6.1 1 0.8 1.6 1.2t1.7 0.9 2 0.4h0.1q0.9 0 2-0.4t1.7-0.9 1.6-1.2q3-2.2 8.9-6.1 1-0.7 1.8-1.6zM32 7.4q0 1.4-0.9 2.7t-2.2 2.2q-6.7 4.7-8.4 5.8-0.2 0.1-0.7 0.5t-1 0.7-0.9 0.6-1.1 0.5-0.9 0.2h-0.1q-0.4 0-0.9-0.2t-1.1-0.5-0.9-0.6-1-0.7-0.7-0.5q-1.6-1.1-4.7-3.2t-3.6-2.6q-1.1-0.7-2.1-2t-1-2.5q0-1.4 0.7-2.3t2.1-0.9h26.3q1.2 0 2 0.8t0.9 2z\"\/><\/svg><\/span><span class=\"shariff-text\">E-Mail<\/span>&nbsp;<\/a><\/li><li class=\"shariff-button printer shariff-nocustomcolor\" style=\"background-color:#a8a8a8\"><a href=\"javascript:window.print()\" title=\"drucken\" aria-label=\"drucken\" role=\"button\" rel=\"noopener nofollow\" class=\"shariff-link\" style=\"; background-color:#999; color:#fff\"><span class=\"shariff-icon\" style=\"\"><svg width=\"32px\" height=\"20px\" xmlns=\"http:\/\/www.w3.org\/2000\/svg\" viewBox=\"0 0 30 32\"><path fill=\"#999\" d=\"M6.8 27.4h16v-4.6h-16v4.6zM6.8 16h16v-6.8h-2.8q-0.7 0-1.2-0.5t-0.5-1.2v-2.8h-11.4v11.4zM27.4 17.2q0-0.5-0.3-0.8t-0.8-0.4-0.8 0.4-0.3 0.8 0.3 0.8 0.8 0.3 0.8-0.3 0.3-0.8zM29.7 17.2v7.4q0 0.2-0.2 0.4t-0.4 0.2h-4v2.8q0 0.7-0.5 1.2t-1.2 0.5h-17.2q-0.7 0-1.2-0.5t-0.5-1.2v-2.8h-4q-0.2 0-0.4-0.2t-0.2-0.4v-7.4q0-1.4 1-2.4t2.4-1h1.2v-9.7q0-0.7 0.5-1.2t1.2-0.5h12q0.7 0 1.6 0.4t1.3 0.8l2.7 2.7q0.5 0.5 0.9 1.4t0.4 1.6v4.6h1.1q1.4 0 2.4 1t1 2.4z\"\/><\/svg><\/span><span class=\"shariff-text\">drucken<\/span>&nbsp;<\/a><\/li><li class=\"shariff-button facebook shariff-nocustomcolor\" style=\"background-color:#4273c8\"><a href=\"https:\/\/www.facebook.com\/sharer\/sharer.php?u=https%3A%2F%2Fgemeinschaft-unabhaengiger-toenisvorster.de%2Findex.php%2Fimpressum%2F\" title=\"Bei Facebook teilen\" aria-label=\"Bei Facebook teilen\" role=\"button\" rel=\"nofollow\" class=\"shariff-link\" style=\"; background-color:#3b5998; color:#fff\" target=\"_blank\"><span class=\"shariff-icon\" style=\"\"><svg width=\"32px\" height=\"20px\" xmlns=\"http:\/\/www.w3.org\/2000\/svg\" viewBox=\"0 0 18 32\"><path fill=\"#3b5998\" d=\"M17.1 0.2v4.7h-2.8q-1.5 0-2.1 0.6t-0.5 1.9v3.4h5.2l-0.7 5.3h-4.5v13.6h-5.5v-13.6h-4.5v-5.3h4.5v-3.9q0-3.3 1.9-5.2t5-1.8q2.6 0 4.1 0.2z\"\/><\/svg><\/span><span class=\"shariff-text\">teilen<\/span>&nbsp;<\/a><\/li><li class=\"shariff-button twitter shariff-nocustomcolor\" style=\"background-color:#595959\"><a href=\"https:\/\/twitter.com\/share?url=https%3A%2F%2Fgemeinschaft-unabhaengiger-toenisvorster.de%2Findex.php%2Fimpressum%2F&text=Impressum\" title=\"Bei X teilen\" aria-label=\"Bei X teilen\" role=\"button\" rel=\"noopener nofollow\" class=\"shariff-link\" style=\"; background-color:#000; color:#fff\" target=\"_blank\"><span class=\"shariff-icon\" style=\"\"><svg width=\"32px\" height=\"20px\" xmlns=\"http:\/\/www.w3.org\/2000\/svg\" viewBox=\"0 0 24 24\"><path fill=\"#000\" d=\"M14.258 10.152L23.176 0h-2.113l-7.747 8.813L7.133 0H0l9.352 13.328L0 23.973h2.113l8.176-9.309 6.531 9.309h7.133zm-2.895 3.293l-.949-1.328L2.875 1.56h3.246l6.086 8.523.945 1.328 7.91 11.078h-3.246zm0 0\"\/><\/svg><\/span><span class=\"shariff-text\">teilen<\/span>&nbsp;<\/a><\/li><li class=\"shariff-button whatsapp shariff-nocustomcolor\" style=\"background-color:#5cbe4a\"><a href=\"https:\/\/api.whatsapp.com\/send?text=https%3A%2F%2Fgemeinschaft-unabhaengiger-toenisvorster.de%2Findex.php%2Fimpressum%2F%20Impressum\" title=\"Bei Whatsapp teilen\" aria-label=\"Bei Whatsapp teilen\" role=\"button\" rel=\"noopener nofollow\" class=\"shariff-link\" style=\"; background-color:#34af23; color:#fff\" target=\"_blank\"><span class=\"shariff-icon\" style=\"\"><svg width=\"32px\" height=\"20px\" xmlns=\"http:\/\/www.w3.org\/2000\/svg\" viewBox=\"0 0 32 32\"><path fill=\"#34af23\" d=\"M17.6 17.4q0.2 0 1.7 0.8t1.6 0.9q0 0.1 0 0.3 0 0.6-0.3 1.4-0.3 0.7-1.3 1.2t-1.8 0.5q-1 0-3.4-1.1-1.7-0.8-3-2.1t-2.6-3.3q-1.3-1.9-1.3-3.5v-0.1q0.1-1.6 1.3-2.8 0.4-0.4 0.9-0.4 0.1 0 0.3 0t0.3 0q0.3 0 0.5 0.1t0.3 0.5q0.1 0.4 0.6 1.6t0.4 1.3q0 0.4-0.6 1t-0.6 0.8q0 0.1 0.1 0.3 0.6 1.3 1.8 2.4 1 0.9 2.7 1.8 0.2 0.1 0.4 0.1 0.3 0 1-0.9t0.9-0.9zM14 26.9q2.3 0 4.3-0.9t3.6-2.4 2.4-3.6 0.9-4.3-0.9-4.3-2.4-3.6-3.6-2.4-4.3-0.9-4.3 0.9-3.6 2.4-2.4 3.6-0.9 4.3q0 3.6 2.1 6.6l-1.4 4.2 4.3-1.4q2.8 1.9 6.2 1.9zM14 2.2q2.7 0 5.2 1.1t4.3 2.9 2.9 4.3 1.1 5.2-1.1 5.2-2.9 4.3-4.3 2.9-5.2 1.1q-3.5 0-6.5-1.7l-7.4 2.4 2.4-7.2q-1.9-3.2-1.9-6.9 0-2.7 1.1-5.2t2.9-4.3 4.3-2.9 5.2-1.1z\"\/><\/svg><\/span><span class=\"shariff-text\">teilen<\/span>&nbsp;<\/a><\/li><li class=\"shariff-button telegram shariff-nocustomcolor\" style=\"background-color:#4084A6\"><a href=\"https:\/\/telegram.me\/share\/url?url=https%3A%2F%2Fgemeinschaft-unabhaengiger-toenisvorster.de%2Findex.php%2Fimpressum%2F&text=Impressum\" title=\"Bei Telegram teilen\" aria-label=\"Bei Telegram teilen\" role=\"button\" rel=\"noopener nofollow\" class=\"shariff-link\" style=\"; background-color:#0088cc; color:#fff\" target=\"_blank\"><span class=\"shariff-icon\" style=\"\"><svg width=\"32px\" height=\"20px\" xmlns=\"http:\/\/www.w3.org\/2000\/svg\" viewBox=\"0 0 32 32\"><path fill=\"#0088cc\" d=\"M30.8 6.5l-4.5 21.4c-.3 1.5-1.2 1.9-2.5 1.2L16.9 24l-3.3 3.2c-.4.4-.7.7-1.4.7l.5-7L25.5 9.2c.6-.5-.1-.8-.9-.3l-15.8 10L2 16.7c-1.5-.5-1.5-1.5.3-2.2L28.9 4.3c1.3-.5 2.3.3 1.9 2.2z\"\/><\/svg><\/span><span class=\"shariff-text\">teilen<\/span>&nbsp;<\/a><\/li><li class=\"shariff-button threema shariff-nocustomcolor shariff-mobile\" style=\"background-color:#4fbc24\"><a href=\"threema:\/\/compose?text=Impressum%20https%3A%2F%2Fgemeinschaft-unabhaengiger-toenisvorster.de%2Findex.php%2Fimpressum%2F\" title=\"Bei Threema teilen\" aria-label=\"Bei Threema teilen\" role=\"button\" rel=\"noopener nofollow\" class=\"shariff-link\" style=\"; background-color:#1f1f1f; color:#fff\" target=\"_blank\"><span class=\"shariff-icon\" style=\"\"><svg width=\"32px\" height=\"20px\" xmlns=\"http:\/\/www.w3.org\/2000\/svg\" viewBox=\"0 0 32 32\"><path fill=\"#1f1f1f\" d=\"M30.8 10.9c-0.3-1.4-0.9-2.6-1.8-3.8-2-2.6-5.5-4.5-9.4-5.2-1.3-0.2-1.9-0.3-3.5-0.3s-2.2 0-3.5 0.3c-4 0.7-7.4 2.6-9.4 5.2-0.9 1.2-1.5 2.4-1.8 3.8-0.1 0.5-0.2 1.2-0.2 1.6 0 0.4 0.1 1.1 0.2 1.6 0.4 1.9 1.3 3.4 2.9 5 0.8 0.8 0.8 0.8 0.7 1.3 0 0.6-0.5 1.6-1.7 3.6-0.3 0.5-0.5 0.9-0.5 0.9 0 0.1 0.1 0.1 0.5 0 0.8-0.2 2.3-0.6 5.6-1.6 1.1-0.3 1.3-0.4 2.3-0.4 0.8 0 1.1 0 2.3 0.2 1.5 0.2 3.5 0.2 4.9 0 5.1-0.6 9.3-2.9 11.4-6.3 0.5-0.9 0.9-1.8 1.1-2.8 0.1-0.5 0.2-1.1 0.2-1.6 0-0.7-0.1-1.1-0.2-1.6-0.3-1.4 0.1 0.5 0 0zM20.6 17.3c0 0.4-0.4 0.8-0.8 0.8h-7.7c-0.4 0-0.8-0.4-0.8-0.8v-4.6c0-0.4 0.4-0.8 0.8-0.8h0.2l0-1.6c0-0.9 0-1.8 0.1-2 0.1-0.6 0.6-1.2 1.1-1.7s1.1-0.7 1.9-0.8c1.8-0.3 3.7 0.7 4.2 2.2 0.1 0.3 0.1 0.7 0.1 2.1v0 1.7h0.1c0.4 0 0.8 0.4 0.8 0.8v4.6zM15.6 7.3c-0.5 0.1-0.8 0.3-1.2 0.6s-0.6 0.8-0.7 1.3c0 0.2 0 0.8 0 1.5l0 1.2h4.6v-1.3c0-1 0-1.4-0.1-1.6-0.3-1.1-1.5-1.9-2.6-1.7zM25.8 28.2c0 1.2-1 2.2-2.1 2.2s-2.1-1-2.1-2.1c0-1.2 1-2.1 2.2-2.1s2.2 1 2.2 2.2zM18.1 28.2c0 1.2-1 2.2-2.1 2.2s-2.1-1-2.1-2.1c0-1.2 1-2.1 2.2-2.1s2.2 1 2.2 2.2zM10.4 28.2c0 1.2-1 2.2-2.1 2.2s-2.1-1-2.1-2.1c0-1.2 1-2.1 2.2-2.1s2.2 1 2.2 2.2z\"\/><\/svg><\/span><span class=\"shariff-text\">teilen<\/span>&nbsp;<\/a><\/li><li class=\"shariff-button info shariff-nocustomcolor\" style=\"background-color:#a8a8a8\"><a href=\"http:\/\/ct.de\/-2467514\" title=\"Weitere Informationen\" aria-label=\"Weitere Informationen\" role=\"button\" rel=\"noopener \" class=\"shariff-link\" style=\"; background-color:#999; color:#fff\" target=\"_blank\"><span class=\"shariff-icon\" style=\"\"><svg width=\"32px\" height=\"20px\" xmlns=\"http:\/\/www.w3.org\/2000\/svg\" viewBox=\"0 0 11 32\"><path fill=\"#999\" d=\"M11.4 24v2.3q0 0.5-0.3 0.8t-0.8 0.4h-9.1q-0.5 0-0.8-0.4t-0.4-0.8v-2.3q0-0.5 0.4-0.8t0.8-0.4h1.1v-6.8h-1.1q-0.5 0-0.8-0.4t-0.4-0.8v-2.3q0-0.5 0.4-0.8t0.8-0.4h6.8q0.5 0 0.8 0.4t0.4 0.8v10.3h1.1q0.5 0 0.8 0.4t0.3 0.8zM9.2 3.4v3.4q0 0.5-0.4 0.8t-0.8 0.4h-4.6q-0.4 0-0.8-0.4t-0.4-0.8v-3.4q0-0.4 0.4-0.8t0.8-0.4h4.6q0.5 0 0.8 0.4t0.4 0.8z\"\/><\/svg><\/span><\/a><\/li><\/ul><\/div>\n<p><strong>Diensteanbieter:<\/strong><\/p>\n\n\n\n<p>Gemeinschaft Unabh\u00e4ngiger T\u00f6nisvorster e.V. (GUT)<br><em>vertreten durch den Vorstand<\/em><\/p>\n\n\n\n<p>Gesch\u00e4ftsstelle \u00b7 Von-Sahr-Stra\u00dfe 3 \u00b7 47918 T\u00f6nisvorst<br>E-Mail: <a rel=\"noreferrer noopener\" href=\"mailto:info@gut-fuer-toenisvorst.de\" data-type=\"mailto\" data-id=\"mailto:info@gut-fuer-toenisvorst.de\" target=\"_blank\">info@gut-fuer-toenisvorst.de<\/a><\/p>\n\n\n\n<p><strong>Mitglieder des Vorstandes:<\/strong><br>Daniel Ponten (Sprecher), Edith Furtmann (Sprecherin), Robert Seifert (Kassierer), Philipp Jan\u00dfen (Fraktionssprecher), Karoline Milch (Beisitzerin), Bernd Schneider (Beisitzer)<\/p>\n\n\n\n<p><strong>Eingetragen im Vereinsregister:<\/strong> Amtsgericht Kempen, Registernummer VR 4232<\/p>\n\n\n\n<h2 class=\"wp-block-heading\"><strong>Redaktion<\/strong><\/h2>\n\n\n\n<p>Karoline Milch (km), Daniel Ponten (dp), Edith Furtmann (ef), Aleksander Weber (aw), Ulrich Pokatilo (up), Barbara Ulrike Juch (buj), Dr. Klaus Furtmann (kf), Herbert Derksen (hd &#8211; bis 09\/2020), Harald Gerland (hg &#8211; bis 12\/2009), Michael Sch\u00fctte (ms &#8211; bis 02\/2025),  Vanessa Sch\u00fctte (vs &#8211; bis 02\/2025), Axel Brink (ab &#8211; bis 12\/2021), Bernd Schneider (bs)<\/p>\n\n\n\n<h2 class=\"wp-block-heading\" id=\"m3589\">Audiovisuelle Mediendienste<\/h2>\n\n\n\n<p>Sitzland: Deutschland<br>Zust\u00e4ndige Regulierungs-, bzw. Aufsichtsbeh\u00f6rde:<br><a rel=\"noreferrer noopener\" href=\"https:\/\/www.medienanstalt-nrw.de\/\" target=\"_blank\">Landesanstalt f\u00fcr Medien NRW<\/a><br>Zollhof 2 \u00b7 40221 D\u00fcsseldorf<br>Telefon:&nbsp;<a rel=\"noreferrer noopener\" href=\"tel:+49211-77007-0\" target=\"_blank\">0211-77007-0<\/a><\/p>\n\n\n\n<h2 class=\"wp-block-heading\" id=\"m172\">Social Media und andere Onlinepr\u00e4senzen<\/h2>\n\n\n\n<p>Dieses Impressum gilt auch f\u00fcr die folgenden Social-Media-Pr\u00e4senzen und Onlineprofile:<\/p>\n\n\n\n<p><a href=\"https:\/\/www.instagram.com\/spdtoenisvorst\/\">facebook.com\/<\/a><a rel=\"noreferrer noopener\" href=\"https:\/\/www.instagram.com\/spdtoenisvorst\/\" target=\"_blank\">GUTfuerTV<\/a><br><a rel=\"noreferrer noopener\" href=\"https:\/\/www.instagram.com\/gutfuertv\/?hl=de\" data-type=\"URL\" data-id=\"https:\/\/www.instagram.com\/gutfuertv\/?hl=de\" target=\"_blank\">instagram.com\/gutfuertv\/<\/a><br><a rel=\"noreferrer noopener\" href=\"https:\/\/twitter.com\/gutfuertv?lang=de\" data-type=\"URL\" data-id=\"https:\/\/twitter.com\/gutfuertv?lang=de\" target=\"_blank\">twitter.com\/gutfuertv<\/a><br><a href=\"https:\/\/www.youtube.com\/channel\/UCAZGA2OsT1jxq4ilElUSAlQ\" data-type=\"URL\" data-id=\"https:\/\/www.youtube.com\/channel\/UCAZGA2OsT1jxq4ilElUSAlQ\" target=\"_blank\" rel=\"noreferrer noopener\">youtube.com\/channel\/UCAZGA2OsT1jxq4ilElUSAlQ<\/a><\/p>\n\n\n\n<h2 class=\"wp-block-heading\">Bildnachweise<\/h2>\n\n\n\n<p><strong>Bildquellen und Urheberrechtshinweise:<\/strong><\/p>\n\n\n\n<p>Daniel Ponten, Aleksander Weber, Klaus Furtmann, Edith Furtmann, Herbert Derksen, Gemeinschaft Unabh\u00e4ngiger T\u00f6nisvorster e.V., Fotolia LLC New York, Ira Ingenpa\u00df, pixelio media gmbh, Rainer Sturm, Hans-Peter Reichartz, Albrecht E. Arnold, Gerd Altmann, mahey, Pixabay.com, Congerdesign, Thomas Ulrich, Lynette Coulston, Ponten &amp; Weber GbR, Klaus Storm, Adobe Systems Software Ireland Limited<\/p>\n\n\n\n<h2 class=\"wp-block-heading\"><strong>Haftungs- und Schutzrechtshinweise<\/strong><\/h2>\n\n\n\n<p>Auf dieser Internetpr\u00e4senz der GUT werden auch Links zu Internetinhalten anderer Anbieter bereitgestellt. Auf den Inhalt dieser Seiten haben wir keinen Einfluss; f\u00fcr den Inhalt ist ausschlie\u00dflich der Betreiber der anderen Website verantwortlich. Trotz der \u00dcberpr\u00fcfung der Inhalte im gesetzlich gebotenen Rahmen m\u00fcssen wir daher jede Verantwortung f\u00fcr den Inhalt dieser Links bzw. der verlinkten Seite von uns weisen. Diese Erkl\u00e4rung gilt f\u00fcr alle auf unserer Seite ausgebrachten Links.<br><br>Wir sind bem\u00fcht, f\u00fcr die Richtigkeit und Aktualit\u00e4t aller auf dieser Website enthaltenen Informationen und Daten zu sorgen. Eine Haftung oder Garantie f\u00fcr die Aktualit\u00e4t, Richtigkeit und Vollst\u00e4ndigkeit der zur Verf\u00fcgung gestellten Informationen und Daten ist jedoch ausgeschlossen. Wir behalten uns vor, ohne Ank\u00fcndigung \u00c4nderungen oder Erg\u00e4nzungen der bereitgestellten Informationen oder Daten vorzunehmen.<br><br>Bei dem Inhalt unserer Internetseiten handelt es sich um urheberrechtlich gesch\u00fctzte Werke. Die GUT gestattet die \u00dcbernahme von Texten in Datenbest\u00e4nde, die ausschlie\u00dflich f\u00fcr den privaten Gebrauch eines Nutzers bestimmt sind. Die \u00dcbernahme und Nutzung der Daten zu anderen Zwecken bedarf der schriftlichen Zustimmung. Eventuell erw\u00e4hnte oder gezeigte Markennamen oder Markenzeichen, k\u00f6nnen eingetragene Markennamen oder Markenzeichen Dritter sein und unterliegen dem entsprechenden Schutz.<br><br>S\u00e4mtliche Informationen oder Daten, ihre Nutzung sowie s\u00e4mtliches mit dieser Website zusammenh\u00e4ngendes Tun, Dulden oder Unterlassen unterliegen ausschlie\u00dflich dem Recht der Bundesrepublik Deutschland.<\/p>\n\n\n\n<p>Bitte beachten Sie ferner die Hinweise unter&nbsp;<a href=\"http:\/\/gemeinschaft-unabhaengiger-toenisvorster.de\/index.php\/datenschutz\/\">Datenschutz<\/a>.<\/p>\n\n\n\n<h2 class=\"wp-block-heading\"><strong>Webdesign, Technische Bereitstellung, Hosting<\/strong><\/h2>\n\n\n\n<p><a href=\"http:\/\/www.ponten-weber.de\/\"><\/a><a href=\"http:\/\/www.ponten-weber.de\" data-type=\"URL\" data-id=\"www.ponten-weber.de\" target=\"_blank\" rel=\"noreferrer noopener\">PONTEN &amp; WEBER<\/a><br>InformationsTechnik und Mediendienste GbR<br>Von-Sahr-Stra\u00dfe 1 \u00b7 47918 T\u00f6nisvorst<br>E-Mail:&nbsp;<a href=\"mailto:info@ponten-weber.de\">info@ponten-weber.de<\/a><\/p>\n\n\n\n<p><strong>Copyright by Gemeinschaft Unabh\u00e4ngiger T\u00f6nisvorster e.V. (GUT) \u00a9 2008-202<\/strong>5<\/p>\n","protected":false},"excerpt":{"rendered":"<p>Diensteanbieter: Gemeinschaft Unabh\u00e4ngiger T\u00f6nisvorster e.V. (GUT)vertreten durch den Vorstand Gesch\u00e4ftsstelle \u00b7 Von-Sahr-Stra\u00dfe 3 \u00b7 47918 T\u00f6nisvorstE-Mail: info@gut-fuer-toenisvorst.de Mitglieder des Vorstandes:Daniel Ponten (Sprecher), Edith Furtmann (Sprecherin), Robert Seifert (Kassierer), Philipp Jan\u00dfen (Fraktionssprecher), Karoline Milch (Beisitzerin), Bernd[&#8230;]<\/p>\n","protected":false},"author":2,"featured_media":186,"parent":0,"menu_order":0,"comment_status":"closed","ping_status":"closed","template":"","meta":{"footnotes":""},"class_list":["post-43","page","type-page","status-publish","has-post-thumbnail","hentry"],"_links":{"self":[{"href":"https:\/\/gemeinschaft-unabhaengiger-toenisvorster.de\/index.php\/wp-json\/wp\/v2\/pages\/43","targetHints":{"allow":["GET"]}}],"collection":[{"href":"https:\/\/gemeinschaft-unabhaengiger-toenisvorster.de\/index.php\/wp-json\/wp\/v2\/pages"}],"about":[{"href":"https:\/\/gemeinschaft-unabhaengiger-toenisvorster.de\/index.php\/wp-json\/wp\/v2\/types\/page"}],"author":[{"embeddable":true,"href":"https:\/\/gemeinschaft-unabhaengiger-toenisvorster.de\/index.php\/wp-json\/wp\/v2\/users\/2"}],"replies":[{"embeddable":true,"href":"https:\/\/gemeinschaft-unabhaengiger-toenisvorster.de\/index.php\/wp-json\/wp\/v2\/comments?post=43"}],"version-history":[{"count":19,"href":"https:\/\/gemeinschaft-unabhaengiger-toenisvorster.de\/index.php\/wp-json\/wp\/v2\/pages\/43\/revisions"}],"predecessor-version":[{"id":2515,"href":"https:\/\/gemeinschaft-unabhaengiger-toenisvorster.de\/index.php\/wp-json\/wp\/v2\/pages\/43\/revisions\/2515"}],"wp:featuredmedia":[{"embeddable":true,"href":"https:\/\/gemeinschaft-unabhaengiger-toenisvorster.de\/index.php\/wp-json\/wp\/v2\/media\/186"}],"wp:attachment":[{"href":"https:\/\/gemeinschaft-unabhaengiger-toenisvorster.de\/index.php\/wp-json\/wp\/v2\/media?parent=43"}],"curies":[{"name":"wp","href":"https:\/\/api.w.org\/{rel}","templated":true}]}}