{"id":39,"date":"2020-05-18T15:05:04","date_gmt":"2020-05-18T15:05:04","guid":{"rendered":"https:\/\/relaunch.gutfuertoenisvorst.de\/?page_id=39"},"modified":"2025-06-29T17:49:37","modified_gmt":"2025-06-29T15:49:37","slug":"fraktionsmitglieder","status":"publish","type":"page","link":"https:\/\/gemeinschaft-unabhaengiger-toenisvorster.de\/index.php\/fraktionsmitglieder\/","title":{"rendered":"Fraktionsmitglieder"},"content":{"rendered":"<div class=\"shariff shariff-align-left shariff-widget-align-left shariff-buttonstretch\" style=\"display:none\"><ul class=\"shariff-buttons theme-color orientation-horizontal buttonsize-small\"><li class=\"shariff-button mailto shariff-nocustomcolor\" style=\"background-color:#a8a8a8\"><a href=\"mailto:?body=https%3A%2F%2Fgemeinschaft-unabhaengiger-toenisvorster.de%2Findex.php%2Ffraktionsmitglieder%2F&subject=Fraktionsmitglieder\" title=\"Per E-Mail versenden\" aria-label=\"Per E-Mail versenden\" role=\"button\" rel=\"noopener nofollow\" class=\"shariff-link\" style=\"; background-color:#999; color:#fff\"><span class=\"shariff-icon\" style=\"\"><svg width=\"32px\" height=\"20px\" xmlns=\"http:\/\/www.w3.org\/2000\/svg\" viewBox=\"0 0 32 32\"><path fill=\"#999\" d=\"M32 12.7v14.2q0 1.2-0.8 2t-2 0.9h-26.3q-1.2 0-2-0.9t-0.8-2v-14.2q0.8 0.9 1.8 1.6 6.5 4.4 8.9 6.1 1 0.8 1.6 1.2t1.7 0.9 2 0.4h0.1q0.9 0 2-0.4t1.7-0.9 1.6-1.2q3-2.2 8.9-6.1 1-0.7 1.8-1.6zM32 7.4q0 1.4-0.9 2.7t-2.2 2.2q-6.7 4.7-8.4 5.8-0.2 0.1-0.7 0.5t-1 0.7-0.9 0.6-1.1 0.5-0.9 0.2h-0.1q-0.4 0-0.9-0.2t-1.1-0.5-0.9-0.6-1-0.7-0.7-0.5q-1.6-1.1-4.7-3.2t-3.6-2.6q-1.1-0.7-2.1-2t-1-2.5q0-1.4 0.7-2.3t2.1-0.9h26.3q1.2 0 2 0.8t0.9 2z\"\/><\/svg><\/span><span class=\"shariff-text\">E-Mail<\/span>&nbsp;<\/a><\/li><li class=\"shariff-button printer shariff-nocustomcolor\" style=\"background-color:#a8a8a8\"><a href=\"javascript:window.print()\" title=\"drucken\" aria-label=\"drucken\" role=\"button\" rel=\"noopener nofollow\" class=\"shariff-link\" style=\"; background-color:#999; color:#fff\"><span class=\"shariff-icon\" style=\"\"><svg width=\"32px\" height=\"20px\" xmlns=\"http:\/\/www.w3.org\/2000\/svg\" viewBox=\"0 0 30 32\"><path fill=\"#999\" d=\"M6.8 27.4h16v-4.6h-16v4.6zM6.8 16h16v-6.8h-2.8q-0.7 0-1.2-0.5t-0.5-1.2v-2.8h-11.4v11.4zM27.4 17.2q0-0.5-0.3-0.8t-0.8-0.4-0.8 0.4-0.3 0.8 0.3 0.8 0.8 0.3 0.8-0.3 0.3-0.8zM29.7 17.2v7.4q0 0.2-0.2 0.4t-0.4 0.2h-4v2.8q0 0.7-0.5 1.2t-1.2 0.5h-17.2q-0.7 0-1.2-0.5t-0.5-1.2v-2.8h-4q-0.2 0-0.4-0.2t-0.2-0.4v-7.4q0-1.4 1-2.4t2.4-1h1.2v-9.7q0-0.7 0.5-1.2t1.2-0.5h12q0.7 0 1.6 0.4t1.3 0.8l2.7 2.7q0.5 0.5 0.9 1.4t0.4 1.6v4.6h1.1q1.4 0 2.4 1t1 2.4z\"\/><\/svg><\/span><span class=\"shariff-text\">drucken<\/span>&nbsp;<\/a><\/li><li class=\"shariff-button facebook shariff-nocustomcolor\" style=\"background-color:#4273c8\"><a href=\"https:\/\/www.facebook.com\/sharer\/sharer.php?u=https%3A%2F%2Fgemeinschaft-unabhaengiger-toenisvorster.de%2Findex.php%2Ffraktionsmitglieder%2F\" title=\"Bei Facebook teilen\" aria-label=\"Bei Facebook teilen\" role=\"button\" rel=\"nofollow\" class=\"shariff-link\" style=\"; background-color:#3b5998; color:#fff\" target=\"_blank\"><span class=\"shariff-icon\" style=\"\"><svg width=\"32px\" height=\"20px\" xmlns=\"http:\/\/www.w3.org\/2000\/svg\" viewBox=\"0 0 18 32\"><path fill=\"#3b5998\" d=\"M17.1 0.2v4.7h-2.8q-1.5 0-2.1 0.6t-0.5 1.9v3.4h5.2l-0.7 5.3h-4.5v13.6h-5.5v-13.6h-4.5v-5.3h4.5v-3.9q0-3.3 1.9-5.2t5-1.8q2.6 0 4.1 0.2z\"\/><\/svg><\/span><span class=\"shariff-text\">teilen<\/span>&nbsp;<\/a><\/li><li class=\"shariff-button twitter shariff-nocustomcolor\" style=\"background-color:#595959\"><a href=\"https:\/\/twitter.com\/share?url=https%3A%2F%2Fgemeinschaft-unabhaengiger-toenisvorster.de%2Findex.php%2Ffraktionsmitglieder%2F&text=Fraktionsmitglieder\" title=\"Bei X teilen\" aria-label=\"Bei X teilen\" role=\"button\" rel=\"noopener nofollow\" class=\"shariff-link\" style=\"; background-color:#000; color:#fff\" target=\"_blank\"><span class=\"shariff-icon\" style=\"\"><svg width=\"32px\" height=\"20px\" xmlns=\"http:\/\/www.w3.org\/2000\/svg\" viewBox=\"0 0 24 24\"><path fill=\"#000\" d=\"M14.258 10.152L23.176 0h-2.113l-7.747 8.813L7.133 0H0l9.352 13.328L0 23.973h2.113l8.176-9.309 6.531 9.309h7.133zm-2.895 3.293l-.949-1.328L2.875 1.56h3.246l6.086 8.523.945 1.328 7.91 11.078h-3.246zm0 0\"\/><\/svg><\/span><span class=\"shariff-text\">teilen<\/span>&nbsp;<\/a><\/li><li class=\"shariff-button whatsapp shariff-nocustomcolor\" style=\"background-color:#5cbe4a\"><a href=\"https:\/\/api.whatsapp.com\/send?text=https%3A%2F%2Fgemeinschaft-unabhaengiger-toenisvorster.de%2Findex.php%2Ffraktionsmitglieder%2F%20Fraktionsmitglieder\" title=\"Bei Whatsapp teilen\" aria-label=\"Bei Whatsapp teilen\" role=\"button\" rel=\"noopener nofollow\" class=\"shariff-link\" style=\"; background-color:#34af23; color:#fff\" target=\"_blank\"><span class=\"shariff-icon\" style=\"\"><svg width=\"32px\" height=\"20px\" xmlns=\"http:\/\/www.w3.org\/2000\/svg\" viewBox=\"0 0 32 32\"><path fill=\"#34af23\" d=\"M17.6 17.4q0.2 0 1.7 0.8t1.6 0.9q0 0.1 0 0.3 0 0.6-0.3 1.4-0.3 0.7-1.3 1.2t-1.8 0.5q-1 0-3.4-1.1-1.7-0.8-3-2.1t-2.6-3.3q-1.3-1.9-1.3-3.5v-0.1q0.1-1.6 1.3-2.8 0.4-0.4 0.9-0.4 0.1 0 0.3 0t0.3 0q0.3 0 0.5 0.1t0.3 0.5q0.1 0.4 0.6 1.6t0.4 1.3q0 0.4-0.6 1t-0.6 0.8q0 0.1 0.1 0.3 0.6 1.3 1.8 2.4 1 0.9 2.7 1.8 0.2 0.1 0.4 0.1 0.3 0 1-0.9t0.9-0.9zM14 26.9q2.3 0 4.3-0.9t3.6-2.4 2.4-3.6 0.9-4.3-0.9-4.3-2.4-3.6-3.6-2.4-4.3-0.9-4.3 0.9-3.6 2.4-2.4 3.6-0.9 4.3q0 3.6 2.1 6.6l-1.4 4.2 4.3-1.4q2.8 1.9 6.2 1.9zM14 2.2q2.7 0 5.2 1.1t4.3 2.9 2.9 4.3 1.1 5.2-1.1 5.2-2.9 4.3-4.3 2.9-5.2 1.1q-3.5 0-6.5-1.7l-7.4 2.4 2.4-7.2q-1.9-3.2-1.9-6.9 0-2.7 1.1-5.2t2.9-4.3 4.3-2.9 5.2-1.1z\"\/><\/svg><\/span><span class=\"shariff-text\">teilen<\/span>&nbsp;<\/a><\/li><li class=\"shariff-button telegram shariff-nocustomcolor\" style=\"background-color:#4084A6\"><a href=\"https:\/\/telegram.me\/share\/url?url=https%3A%2F%2Fgemeinschaft-unabhaengiger-toenisvorster.de%2Findex.php%2Ffraktionsmitglieder%2F&text=Fraktionsmitglieder\" title=\"Bei Telegram teilen\" aria-label=\"Bei Telegram teilen\" role=\"button\" rel=\"noopener nofollow\" class=\"shariff-link\" style=\"; background-color:#0088cc; color:#fff\" target=\"_blank\"><span class=\"shariff-icon\" style=\"\"><svg width=\"32px\" height=\"20px\" xmlns=\"http:\/\/www.w3.org\/2000\/svg\" viewBox=\"0 0 32 32\"><path fill=\"#0088cc\" d=\"M30.8 6.5l-4.5 21.4c-.3 1.5-1.2 1.9-2.5 1.2L16.9 24l-3.3 3.2c-.4.4-.7.7-1.4.7l.5-7L25.5 9.2c.6-.5-.1-.8-.9-.3l-15.8 10L2 16.7c-1.5-.5-1.5-1.5.3-2.2L28.9 4.3c1.3-.5 2.3.3 1.9 2.2z\"\/><\/svg><\/span><span class=\"shariff-text\">teilen<\/span>&nbsp;<\/a><\/li><li class=\"shariff-button threema shariff-nocustomcolor shariff-mobile\" style=\"background-color:#4fbc24\"><a href=\"threema:\/\/compose?text=Fraktionsmitglieder%20https%3A%2F%2Fgemeinschaft-unabhaengiger-toenisvorster.de%2Findex.php%2Ffraktionsmitglieder%2F\" title=\"Bei Threema teilen\" aria-label=\"Bei Threema teilen\" role=\"button\" rel=\"noopener nofollow\" class=\"shariff-link\" style=\"; background-color:#1f1f1f; color:#fff\" target=\"_blank\"><span class=\"shariff-icon\" style=\"\"><svg width=\"32px\" height=\"20px\" xmlns=\"http:\/\/www.w3.org\/2000\/svg\" viewBox=\"0 0 32 32\"><path fill=\"#1f1f1f\" d=\"M30.8 10.9c-0.3-1.4-0.9-2.6-1.8-3.8-2-2.6-5.5-4.5-9.4-5.2-1.3-0.2-1.9-0.3-3.5-0.3s-2.2 0-3.5 0.3c-4 0.7-7.4 2.6-9.4 5.2-0.9 1.2-1.5 2.4-1.8 3.8-0.1 0.5-0.2 1.2-0.2 1.6 0 0.4 0.1 1.1 0.2 1.6 0.4 1.9 1.3 3.4 2.9 5 0.8 0.8 0.8 0.8 0.7 1.3 0 0.6-0.5 1.6-1.7 3.6-0.3 0.5-0.5 0.9-0.5 0.9 0 0.1 0.1 0.1 0.5 0 0.8-0.2 2.3-0.6 5.6-1.6 1.1-0.3 1.3-0.4 2.3-0.4 0.8 0 1.1 0 2.3 0.2 1.5 0.2 3.5 0.2 4.9 0 5.1-0.6 9.3-2.9 11.4-6.3 0.5-0.9 0.9-1.8 1.1-2.8 0.1-0.5 0.2-1.1 0.2-1.6 0-0.7-0.1-1.1-0.2-1.6-0.3-1.4 0.1 0.5 0 0zM20.6 17.3c0 0.4-0.4 0.8-0.8 0.8h-7.7c-0.4 0-0.8-0.4-0.8-0.8v-4.6c0-0.4 0.4-0.8 0.8-0.8h0.2l0-1.6c0-0.9 0-1.8 0.1-2 0.1-0.6 0.6-1.2 1.1-1.7s1.1-0.7 1.9-0.8c1.8-0.3 3.7 0.7 4.2 2.2 0.1 0.3 0.1 0.7 0.1 2.1v0 1.7h0.1c0.4 0 0.8 0.4 0.8 0.8v4.6zM15.6 7.3c-0.5 0.1-0.8 0.3-1.2 0.6s-0.6 0.8-0.7 1.3c0 0.2 0 0.8 0 1.5l0 1.2h4.6v-1.3c0-1 0-1.4-0.1-1.6-0.3-1.1-1.5-1.9-2.6-1.7zM25.8 28.2c0 1.2-1 2.2-2.1 2.2s-2.1-1-2.1-2.1c0-1.2 1-2.1 2.2-2.1s2.2 1 2.2 2.2zM18.1 28.2c0 1.2-1 2.2-2.1 2.2s-2.1-1-2.1-2.1c0-1.2 1-2.1 2.2-2.1s2.2 1 2.2 2.2zM10.4 28.2c0 1.2-1 2.2-2.1 2.2s-2.1-1-2.1-2.1c0-1.2 1-2.1 2.2-2.1s2.2 1 2.2 2.2z\"\/><\/svg><\/span><span class=\"shariff-text\">teilen<\/span>&nbsp;<\/a><\/li><li class=\"shariff-button info shariff-nocustomcolor\" style=\"background-color:#a8a8a8\"><a href=\"http:\/\/ct.de\/-2467514\" title=\"Weitere Informationen\" aria-label=\"Weitere Informationen\" role=\"button\" rel=\"noopener \" class=\"shariff-link\" style=\"; background-color:#999; color:#fff\" target=\"_blank\"><span class=\"shariff-icon\" style=\"\"><svg width=\"32px\" height=\"20px\" xmlns=\"http:\/\/www.w3.org\/2000\/svg\" viewBox=\"0 0 11 32\"><path fill=\"#999\" d=\"M11.4 24v2.3q0 0.5-0.3 0.8t-0.8 0.4h-9.1q-0.5 0-0.8-0.4t-0.4-0.8v-2.3q0-0.5 0.4-0.8t0.8-0.4h1.1v-6.8h-1.1q-0.5 0-0.8-0.4t-0.4-0.8v-2.3q0-0.5 0.4-0.8t0.8-0.4h6.8q0.5 0 0.8 0.4t0.4 0.8v10.3h1.1q0.5 0 0.8 0.4t0.3 0.8zM9.2 3.4v3.4q0 0.5-0.4 0.8t-0.8 0.4h-4.6q-0.4 0-0.8-0.4t-0.4-0.8v-3.4q0-0.4 0.4-0.8t0.8-0.4h4.6q0.5 0 0.8 0.4t0.4 0.8z\"\/><\/svg><\/span><\/a><\/li><\/ul><\/div>\n<div class=\"wp-block-group\"><div class=\"wp-block-group__inner-container is-layout-flow wp-block-group-is-layout-flow\">\n<h4 class=\"wp-block-heading\">Philipp Jan\u00dfen, Fraktionssprecher<\/h4>\n\n\n\n<div class=\"wp-block-media-text alignwide is-stacked-on-mobile is-vertically-aligned-center\" style=\"grid-template-columns:18% auto\"><figure class=\"wp-block-media-text__media\"><img loading=\"lazy\" decoding=\"async\" width=\"190\" height=\"240\" src=\"http:\/\/gemeinschaft-unabhaengiger-toenisvorster.de\/wp-content\/uploads\/2020\/07\/janssen_philipp-1.png\" alt=\"\" class=\"wp-image-940 size-full\"\/><\/figure><div class=\"wp-block-media-text__content\">\n<p>Verwaltungsangestellter im \u00f6ffentlichen Dienst, ehrenamtlich engagiert im Vorster Sch\u00fctzenwesen, f\u00fcr die GUT seit 2009 in Rat bzw. Aussch\u00fcssen der Stadt T\u00f6nisvorst vertreten mit besonderem Augenmerk auf Schule, Kultur, Soziales, Senioren, Jugend und Sport.<\/p>\n\n\n\n<p><strong>Kontakt:<\/strong>&nbsp;<br>Hecke 8, T\u00f6nisvorst, Telefon: <a href=\"tel:+49215680161\">02156-80161<\/a>, <a href=\"mailto:pj@gutfuertoenisvorst.de\">E-Mail<\/a><\/p>\n<\/div><\/div>\n\n\n\n<h4 class=\"wp-block-heading\">Ulrich Pokatilo, Stellvertretender Fraktionssprecher<\/h4>\n\n\n\n<div class=\"wp-block-media-text alignwide is-stacked-on-mobile is-vertically-aligned-center\" style=\"grid-template-columns:18% auto\"><figure class=\"wp-block-media-text__media\"><img loading=\"lazy\" decoding=\"async\" width=\"190\" height=\"240\" src=\"http:\/\/gemeinschaft-unabhaengiger-toenisvorster.de\/wp-content\/uploads\/2020\/06\/pokatilo_ulrich.png\" alt=\"\" class=\"wp-image-891 size-full\"\/><\/figure><div class=\"wp-block-media-text__content\">\n<p>Industriekaufmann, seit 2009 f\u00fcr die GUT vorwiegend mit den Schwerpunkten Jugend, Soziales, Sport, Schule und Kultur befasst. Vorher politisch engagiert im Jugendhilfeausschuss und ehrenamtlich im Bereich Gesundheit und Soziales aktiv.<\/p>\n\n\n\n<p><strong>Kontakt:<\/strong>&nbsp;<br>Vorster Str. 149, T\u00f6nisvorst, Telefon: <a href=\"tel:+492151-795835\">02151-795835<\/a>, <a href=\"mailto:up@gutfuertoenisvorst.de\">E-Mail<\/a><\/p>\n<\/div><\/div>\n\n\n\n<h4 class=\"wp-block-heading\">Aleksander Weber, Stellvertretender Fraktionssprecher<\/h4>\n\n\n\n<div class=\"wp-block-media-text alignwide is-stacked-on-mobile is-vertically-aligned-center\" style=\"grid-template-columns:18% auto\"><figure class=\"wp-block-media-text__media\"><img loading=\"lazy\" decoding=\"async\" width=\"190\" height=\"240\" src=\"https:\/\/gemeinschaft-unabhaengiger-toenisvorster.de\/wp-content\/uploads\/2020\/07\/weber_aleksander.png\" alt=\"\" class=\"wp-image-1051 size-full\"\/><\/figure><div class=\"wp-block-media-text__content\">\n<p>IT-Berater und Mitglied der Gesch\u00e4ftsf\u00fchrung von zwei Unternehmen der Informationstechnologiebranche. Seit 2014 politisch in der GUT aktiv, Schwerpunkte im Bereich Wirtschaftsf\u00f6rderung, Geb\u00e4udemanagement, Liegenschaften, st\u00e4dtische Eigenbetriebe und st\u00e4dtische Gesellschaften<\/p>\n\n\n\n<p><strong>Kontakt:<\/strong>&nbsp;<br>Von-Sahr-Stra\u00dfe 1 , T\u00f6nisvorst, Telefon: <a href=\"tel:+491706434143\">0170-6434143<\/a>, <a href=\"mailto:aw@gutfuertoenisvorst.de\">E-Mail<\/a><\/p>\n<\/div><\/div>\n<\/div><\/div>\n\n\n\n<div class=\"wp-block-group\"><div class=\"wp-block-group__inner-container is-layout-flow wp-block-group-is-layout-flow\">\n<h4 class=\"wp-block-heading\">Daniel Ponten, Fraktionsgesch\u00e4ftsf\u00fchrer<\/h4>\n\n\n\n<div class=\"wp-block-media-text alignwide is-stacked-on-mobile is-vertically-aligned-center\" style=\"grid-template-columns:18% auto\"><figure class=\"wp-block-media-text__media\"><img loading=\"lazy\" decoding=\"async\" width=\"190\" height=\"240\" src=\"http:\/\/gemeinschaft-unabhaengiger-toenisvorster.de\/wp-content\/uploads\/2020\/07\/ponten_daniel.png\" alt=\"\" class=\"wp-image-1043 size-full\"\/><\/figure><div class=\"wp-block-media-text__content\">\n<p>Regionaler Verkaufsleiter und Mitglied der Gesch\u00e4ftsf\u00fchrung im Bereich der Informationstechnologie, seit 2008 politisch aktiv und Gr\u00fcndungsmitglied der GUT. Ehrenamtlich engagiert in zahlreichen T\u00f6nisvorster Vereinen.<\/p>\n\n\n\n<p>Politische Schwerpunkte in den Bereichen Stadtmarketing, Wirtschaftsf\u00f6rderung, Bauen, Verkehr, Planung, Mobilit\u00e4t und Digitalisierung<\/p>\n\n\n\n<p><strong>Kontakt:<\/strong>&nbsp;<br>Von-Sahr-Stra\u00dfe 3, T\u00f6nisvorst, Telefon: <a href=\"tel:+491707911550\">0170-7911550<\/a>, <a href=\"mailto:dp@gutfuertoenisvorst.de\">E-Mail<\/a><\/p>\n<\/div><\/div>\n\n\n\n<h4 class=\"wp-block-heading\">Edith Furtmann, sachkundige B\u00fcrgerin<\/h4>\n\n\n\n<div class=\"wp-block-media-text alignwide is-stacked-on-mobile is-vertically-aligned-center\" style=\"grid-template-columns:18% auto\"><figure class=\"wp-block-media-text__media\"><img loading=\"lazy\" decoding=\"async\" width=\"190\" height=\"240\" src=\"https:\/\/gemeinschaft-unabhaengiger-toenisvorster.de\/wp-content\/uploads\/2025\/06\/furtmann_edith.jpg\" alt=\"\" class=\"wp-image-2636 size-full\"\/><\/figure><div class=\"wp-block-media-text__content\">\n<p>Volljuristin, Gr\u00fcndungsmitglied der GUT, seit Mitte der 1990er Jahre in T\u00f6nisvorst politisch aktiv in Rat und Aussch\u00fcssen, Themenschwerpunkte im Bereich b\u00fcrgerliches Engagement, B\u00fcrgerbeteiligung, Soziales, Umwelt, Energie und Verkehr. Seit vielen Jahren in der Region ehrenamtlich im sozialen und kirchlichen Umfeld engagiert.<\/p>\n\n\n\n<p><strong>Kontakt:<\/strong>&nbsp;<br>Lerchenstra\u00dfe 75, T\u00f6nisvorst, Telefon:&nbsp;<a href=\"tel:+492151970351\">02151-970351<\/a>,&nbsp;<a href=\"mailto:ef@gutfuertoenisvorst.de\">E-Mail<\/a><\/p>\n<\/div><\/div>\n\n\n\n<h4 class=\"wp-block-heading\">Niklas Jan\u00dfen, sachkundiger B\u00fcrger<\/h4>\n\n\n\n<div class=\"wp-block-media-text alignwide is-stacked-on-mobile is-vertically-aligned-center\" style=\"grid-template-columns:18% auto\"><figure class=\"wp-block-media-text__media\"><img loading=\"lazy\" decoding=\"async\" width=\"142\" height=\"190\" src=\"https:\/\/gemeinschaft-unabhaengiger-toenisvorster.de\/wp-content\/uploads\/2022\/04\/missing.gif\" alt=\"\" class=\"wp-image-1820 size-full\"\/><\/figure><div class=\"wp-block-media-text__content\">\n<p>IT-Consultant, seit 2020 in Rat bzw. Aussch\u00fcssen der Stadt T\u00f6nisvorst vertreten, politische Schwerpunkte im Bereich Kultur, Verein, Ehrenamt, Digitalisierung und Wirtschaftsf\u00f6rderung.<\/p>\n\n\n\n<p><strong>Kontakt:<\/strong>&nbsp;<br>Steinpfad 19, T\u00f6nisvorst, Telefon: <a href=\"tel:+491787312168\" data-type=\"tel\" data-id=\"tel:+491787312168\">0178-7312168<\/a>, <a href=\"mailto:nj@gutfuertoenisvorst.de\" data-type=\"mailto\" data-id=\"mailto:nj@gutfuertoenisvorst.de\">E-Mail<\/a><\/p>\n<\/div><\/div>\n\n\n\n<h4 class=\"wp-block-heading\">Barbara Ulrike Juch, sachkundige B\u00fcrgerin<\/h4>\n\n\n\n<div class=\"wp-block-media-text alignwide is-stacked-on-mobile is-vertically-aligned-center\" style=\"grid-template-columns:18% auto\"><figure class=\"wp-block-media-text__media\"><img loading=\"lazy\" decoding=\"async\" width=\"142\" height=\"190\" src=\"http:\/\/gemeinschaft-unabhaengiger-toenisvorster.de\/wp-content\/uploads\/2020\/07\/juch_barbara-ulrike-1.png\" alt=\"\" class=\"wp-image-1050 size-full\"\/><\/figure><div class=\"wp-block-media-text__content\">\n<p>Verwaltungsangestellte i.R., seit 1984 (mit Unterbrechungen) in Rat bzw. Aussch\u00fcssen der Stadt T\u00f6nisvorst vertreten, Schwerpunkte im Bereich Bauen, Energie, Verkehr, Umwelt, st\u00e4dtische Eigenbetriebe und Gesellschaften.<\/p>\n\n\n\n<p><strong>Kontakt:<\/strong>&nbsp;<br>Bremmental 34, T\u00f6nisvorst, Telefon: <a href=\"tel:+492151799934\">02151-799934<\/a>, <a href=\"mailto:buj@gutfuertoenisvorst.de\">E-Mail<\/a><\/p>\n<\/div><\/div>\n\n\n\n<h4 class=\"wp-block-heading\">Anna-Lena Krause, sachkundige B\u00fcrgerin<\/h4>\n\n\n\n<div class=\"wp-block-media-text alignwide is-stacked-on-mobile is-vertically-aligned-center\" style=\"grid-template-columns:18% auto\"><figure class=\"wp-block-media-text__media\"><img loading=\"lazy\" decoding=\"async\" width=\"190\" height=\"240\" src=\"https:\/\/gemeinschaft-unabhaengiger-toenisvorster.de\/wp-content\/uploads\/2025\/02\/Anna-Lena-Krause.png\" alt=\"\" class=\"wp-image-2483 size-full\"\/><\/figure><div class=\"wp-block-media-text__content\">\n<p>Studentin der Rechtswissenschaften, f\u00fcr die GUT seit 2023 aktiv mit Schwerpunkten in den Bereichen Bildung, Schule, Soziales, Familien.<\/p>\n\n\n\n<p><strong>Kontakt:<\/strong>&nbsp;<br>Ro\u00dfstra\u00dfe 76, T\u00f6nisvorst, Telefon: <a href=\"tel:+491719297429\" data-type=\"tel\" data-id=\"tel:+4916098663635\"> 0171-9297429<\/a>, <a href=\"mailto:ak@gutfuertoenisvorst.de\" data-type=\"mailto\" data-id=\"mailto:km@gutfuertoenisvorst.de\">E-Mail<\/a><\/p>\n<\/div><\/div>\n\n\n\n<h4 class=\"wp-block-heading\">Karoline Milch, sachkundige B\u00fcrgerin<\/h4>\n\n\n\n<div class=\"wp-block-media-text alignwide is-stacked-on-mobile is-vertically-aligned-center\" style=\"grid-template-columns:18% auto\"><figure class=\"wp-block-media-text__media\"><img loading=\"lazy\" decoding=\"async\" width=\"190\" height=\"240\" src=\"https:\/\/gemeinschaft-unabhaengiger-toenisvorster.de\/wp-content\/uploads\/2025\/02\/karoline_milch.png\" alt=\"\" class=\"wp-image-2475 size-full\"\/><\/figure><div class=\"wp-block-media-text__content\">\n<p>Risikomanagerin im Finanzwesen, f\u00fcr die GUT seit 2021 aktiv mit Schwerpunkten in den Bereichen Umwelt, Klima, Energie, Stadtplanung, Stadtentwicklung, Bauen und technische Infrastruktur.<\/p>\n\n\n\n<p><strong>Kontakt:<\/strong>&nbsp;<br>Ro\u00dfstra\u00dfe 76, T\u00f6nisvorst, Telefon: <a href=\"tel:+4916098663635\" data-type=\"tel\" data-id=\"tel:+4916098663635\">0160-98663635<\/a>, <a href=\"mailto:km@gutfuertoenisvorst.de\" data-type=\"mailto\" data-id=\"mailto:km@gutfuertoenisvorst.de\">E-Mail<\/a><\/p>\n<\/div><\/div>\n\n\n\n<h4 class=\"wp-block-heading\">Anna Ponten, sachkundige B\u00fcrgerin<\/h4>\n\n\n\n<div class=\"wp-block-media-text alignwide is-stacked-on-mobile is-vertically-aligned-center\" style=\"grid-template-columns:18% auto\"><figure class=\"wp-block-media-text__media\"><img loading=\"lazy\" decoding=\"async\" width=\"190\" height=\"240\" src=\"http:\/\/gemeinschaft-unabhaengiger-toenisvorster.de\/wp-content\/uploads\/2020\/07\/ponten_anna.png\" alt=\"\" class=\"wp-image-935 size-full\"\/><\/figure><div class=\"wp-block-media-text__content\">\n<p>Dipl.-Musikp\u00e4dagogin im sozial-integrativen Bereich, seit 2014 in der GUT politisch engagiert. Pers\u00f6nliche Schwerpunkte in den Bereichen Schule, Kultur, Jugend, Soziales, Umwelt.<\/p>\n\n\n\n<p><strong>Kontakt:<\/strong>&nbsp;<br>Von-Sahr-Stra\u00dfe 3 , T\u00f6nisvorst, Telefon: <a href=\"tel:+4921519345448\">02151-9345448<\/a>, <a href=\"mailto:ap@gutfuertoenisvorst.de\">E-Mail<\/a><\/p>\n<\/div><\/div>\n\n\n\n<div class=\"wp-block-group alignwide\"><div class=\"wp-block-group__inner-container is-layout-flow wp-block-group-is-layout-flow\">\n<h4 class=\"wp-block-heading\">Heinz-Theo Ponten, sachkundiger B\u00fcrger<\/h4>\n\n\n\n<div class=\"wp-block-media-text alignwide is-stacked-on-mobile is-vertically-aligned-center\" style=\"grid-template-columns:18% auto\"><figure class=\"wp-block-media-text__media\"><img loading=\"lazy\" decoding=\"async\" width=\"190\" height=\"240\" src=\"http:\/\/gemeinschaft-unabhaengiger-toenisvorster.de\/wp-content\/uploads\/2020\/06\/ponten_heinz-theo.png\" alt=\"\" class=\"wp-image-890 size-full\"\/><\/figure><div class=\"wp-block-media-text__content\">\n<p>Wirtschaftsleiter im Gesundheitsbereich i.R., f\u00fcr die GUT seit 2009 aktiv mit Schwerpunkten in den Bereichen Wirtschaftsf\u00f6rderung, Geb\u00e4udemanagement, Liegenschaften, Planung, st\u00e4dtische Eigenbetriebe und st\u00e4dtische Gesellschaften<\/p>\n\n\n\n<p><strong>Kontakt:<\/strong>&nbsp;<br>Fliethgraben 80 , T\u00f6nisvorst, Telefon: <a href=\"tel:+492151796708\">02151-796708<\/a>, <a href=\"mailto:htp@gutfuertoenisvorst.de\">E-Mail<\/a><\/p>\n<\/div><\/div>\n\n\n\n<h4 class=\"wp-block-heading\">Arno Romanowski, sachkundiger B\u00fcrger<\/h4>\n\n\n\n<div class=\"wp-block-media-text alignwide is-stacked-on-mobile is-vertically-aligned-center\" style=\"grid-template-columns:18% auto\"><figure class=\"wp-block-media-text__media\"><img loading=\"lazy\" decoding=\"async\" width=\"142\" height=\"190\" src=\"https:\/\/gemeinschaft-unabhaengiger-toenisvorster.de\/wp-content\/uploads\/2022\/04\/missing.gif\" alt=\"\" class=\"wp-image-1820 size-full\"\/><\/figure><div class=\"wp-block-media-text__content\">\n<p>Vertriebsleiter in einem Industrieunternehmen, f\u00fcr die GUT seit 2021 aktiv mit Schwerpunkten in den Bereichen Umwelt, Klima, Energie, Stadtplanung, Stadtentwicklung, Bauen und technische Infrastruktur.<\/p>\n\n\n\n<p><strong>Kontakt:<\/strong>&nbsp;<br>Fliethgraben 124 , T\u00f6nisvorst, Telefon: <a href=\"tel:+491723759684\" data-type=\"tel\" data-id=\"tel:+491723759684\">0172-3759684<\/a>, <a href=\"mailto:ar@gutfuertoenisvorst.de\" data-type=\"mailto\" data-id=\"mailto:ar@gutfuertoenisvorst.de\">E-Mail<\/a><\/p>\n<\/div><\/div>\n\n\n\n<h4 class=\"wp-block-heading\">Stefan Ru\u00df, sachkundiger B\u00fcrger<\/h4>\n\n\n\n<div class=\"wp-block-media-text alignwide is-stacked-on-mobile is-vertically-aligned-center\" style=\"grid-template-columns:18% auto\"><figure class=\"wp-block-media-text__media\"><img loading=\"lazy\" decoding=\"async\" width=\"190\" height=\"240\" src=\"https:\/\/gemeinschaft-unabhaengiger-toenisvorster.de\/wp-content\/uploads\/2020\/06\/russ_stefan.png\" alt=\"\" class=\"wp-image-888 size-full\"\/><\/figure><div class=\"wp-block-media-text__content\">\n<p>Projektleiter in einem Industrieunternehmen, f\u00fcr die GUT seit 2020 aktiv mit Schwerpunkten in den Bereichen Stadtplanung, Regionalplanung, Infrastruktur, Verkehr, Mobilit\u00e4t und Digitalisierung.<\/p>\n\n\n\n<p><strong>Kontakt:<\/strong>&nbsp;<br>Von-Sahr-Stra\u00dfe 22 , T\u00f6nisvorst, Telefon: <a href=\"tel:+4917623561769\" data-type=\"tel\" data-id=\"tel:+4917623561769\">0176-23561769<\/a>, <a href=\"mailto:sr@gutfuertoenisvorst.de\" data-type=\"mailto\" data-id=\"mailto:sr@gutfuertoenisvorst.de\">E-Mail<\/a><\/p>\n<\/div><\/div>\n\n\n\n<h4 class=\"wp-block-heading\">Vanessa Sch\u00fctte, sachkundige B\u00fcrgerin<\/h4>\n\n\n\n<div class=\"wp-block-media-text alignwide is-stacked-on-mobile is-vertically-aligned-center\" style=\"grid-template-columns:18% auto\"><figure class=\"wp-block-media-text__media\"><img loading=\"lazy\" decoding=\"async\" width=\"190\" height=\"240\" src=\"https:\/\/gemeinschaft-unabhaengiger-toenisvorster.de\/wp-content\/uploads\/2020\/07\/schuette_vanessa.png\" alt=\"\" class=\"wp-image-1114 size-full\"\/><\/figure><div class=\"wp-block-media-text__content\">\n<p>Biologisch-Technische-Assistentin im operativen Controlling in einem Lebensmittelkonzern, f\u00fcr die GUT seit 2020 aktiv mit Schwerpunkten in den Bereichen Bildung, Schule, Soziales, Familien, Umwelt, Klima und nachhaltige Entwicklung.<\/p>\n\n\n\n<p><strong>Kontakt:<\/strong>&nbsp;<br>Giesenstra\u00dfe 10, T\u00f6nisvorst, Telefon: <a href=\"tel:+491772793460\" data-type=\"tel\" data-id=\"tel:+491772793460\">0177-2793460<\/a>, <a href=\"mailto:vs@gutfuertoenisvorst.de\" data-type=\"mailto\" data-id=\"mailto:vs@gutfuertoenisvorst.de\">E-Mail<\/a><\/p>\n<\/div><\/div>\n<\/div><\/div>\n\n\n\n<h4 class=\"wp-block-heading\">Robert Seifert, sachkundiger B\u00fcrger<\/h4>\n\n\n\n<div class=\"wp-block-media-text alignwide is-stacked-on-mobile is-vertically-aligned-center\" style=\"grid-template-columns:18% auto\"><figure class=\"wp-block-media-text__media\"><img loading=\"lazy\" decoding=\"async\" width=\"190\" height=\"240\" src=\"http:\/\/gemeinschaft-unabhaengiger-toenisvorster.de\/wp-content\/uploads\/2020\/06\/seifert_robert.png\" alt=\"\" class=\"wp-image-887 size-full\"\/><\/figure><div class=\"wp-block-media-text__content\">\n<p>Leitender kaufm\u00e4nnischer Angestellter i.R., seit 2011 in Rat bzw. Aussch\u00fcssen der Stadt T\u00f6nisvorst f\u00fcr die GUT vertreten, mit Schwerpunkt auf Jugend, Soziales, Senioren, Sport, Gesundheit sowie Bauen, Energie, Verkehr und Umwelt<\/p>\n\n\n\n<p><strong>Kontakt:<\/strong>&nbsp;<br>Theo-M\u00fclders-Stra\u00dfe 37, T\u00f6nisvorst, Telefon: <a href=\"tel:+492151798771\">02151-798771<\/a>, <a href=\"mailto:rs@gutfuertoenisvorst.de\">E-Mail<\/a><\/p>\n<\/div><\/div>\n<\/div><\/div>\n\n\n\n<p><\/p>\n","protected":false},"excerpt":{"rendered":"<p>Philipp Jan\u00dfen, Fraktionssprecher Verwaltungsangestellter im \u00f6ffentlichen Dienst, ehrenamtlich engagiert im Vorster Sch\u00fctzenwesen, f\u00fcr die GUT seit 2009 in Rat bzw. Aussch\u00fcssen der Stadt T\u00f6nisvorst vertreten mit besonderem Augenmerk auf Schule, Kultur, Soziales, Senioren, Jugend und[&#8230;]<\/p>\n","protected":false},"author":2,"featured_media":185,"parent":0,"menu_order":0,"comment_status":"closed","ping_status":"closed","template":"","meta":{"footnotes":""},"class_list":["post-39","page","type-page","status-publish","has-post-thumbnail","hentry"],"_links":{"self":[{"href":"https:\/\/gemeinschaft-unabhaengiger-toenisvorster.de\/index.php\/wp-json\/wp\/v2\/pages\/39","targetHints":{"allow":["GET"]}}],"collection":[{"href":"https:\/\/gemeinschaft-unabhaengiger-toenisvorster.de\/index.php\/wp-json\/wp\/v2\/pages"}],"about":[{"href":"https:\/\/gemeinschaft-unabhaengiger-toenisvorster.de\/index.php\/wp-json\/wp\/v2\/types\/page"}],"author":[{"embeddable":true,"href":"https:\/\/gemeinschaft-unabhaengiger-toenisvorster.de\/index.php\/wp-json\/wp\/v2\/users\/2"}],"replies":[{"embeddable":true,"href":"https:\/\/gemeinschaft-unabhaengiger-toenisvorster.de\/index.php\/wp-json\/wp\/v2\/comments?post=39"}],"version-history":[{"count":33,"href":"https:\/\/gemeinschaft-unabhaengiger-toenisvorster.de\/index.php\/wp-json\/wp\/v2\/pages\/39\/revisions"}],"predecessor-version":[{"id":2639,"href":"https:\/\/gemeinschaft-unabhaengiger-toenisvorster.de\/index.php\/wp-json\/wp\/v2\/pages\/39\/revisions\/2639"}],"wp:featuredmedia":[{"embeddable":true,"href":"https:\/\/gemeinschaft-unabhaengiger-toenisvorster.de\/index.php\/wp-json\/wp\/v2\/media\/185"}],"wp:attachment":[{"href":"https:\/\/gemeinschaft-unabhaengiger-toenisvorster.de\/index.php\/wp-json\/wp\/v2\/media?parent=39"}],"curies":[{"name":"wp","href":"https:\/\/api.w.org\/{rel}","templated":true}]}}